{"id":731,"date":"2019-07-14T09:11:25","date_gmt":"2019-07-14T07:11:25","guid":{"rendered":"http:\/\/www.diefremden.at\/wordpress\/?page_id=731"},"modified":"2020-01-21T22:00:12","modified_gmt":"2020-01-21T21:00:12","slug":"alima","status":"publish","type":"page","link":"https:\/\/www.diefremden.at\/wordpress\/?page_id=731","title":{"rendered":"Alima"},"content":{"rendered":"\t\t<div data-elementor-type=\"wp-page\" data-elementor-id=\"731\" class=\"elementor elementor-731\" data-elementor-post-type=\"page\">\n\t\t\t\t\t\t<section class=\"elementor-section elementor-top-section elementor-element elementor-element-026e90e elementor-section-boxed elementor-section-height-default elementor-section-height-default\" data-id=\"026e90e\" data-element_type=\"section\" data-e-type=\"section\">\n\t\t\t\t\t\t<div class=\"elementor-container elementor-column-gap-default\">\n\t\t\t\t\t<div class=\"elementor-column elementor-col-100 elementor-top-column elementor-element elementor-element-05e308b\" data-id=\"05e308b\" data-element_type=\"column\" data-e-type=\"column\">\n\t\t\t<div class=\"elementor-widget-wrap elementor-element-populated\">\n\t\t\t\t\t\t<section class=\"elementor-section elementor-inner-section elementor-element elementor-element-7c4d9b1 elementor-section-boxed elementor-section-height-default elementor-section-height-default\" data-id=\"7c4d9b1\" data-element_type=\"section\" data-e-type=\"section\">\n\t\t\t\t\t\t<div class=\"elementor-container elementor-column-gap-default\">\n\t\t\t\t\t<div class=\"elementor-column elementor-col-50 elementor-inner-column elementor-element elementor-element-faac12d\" data-id=\"faac12d\" data-element_type=\"column\" data-e-type=\"column\">\n\t\t\t<div class=\"elementor-widget-wrap elementor-element-populated\">\n\t\t\t\t\t\t<div class=\"elementor-element elementor-element-7872d1d elementor-widget elementor-widget-heading\" data-id=\"7872d1d\" data-element_type=\"widget\" data-e-type=\"widget\" data-widget_type=\"heading.default\">\n\t\t\t\t<div class=\"elementor-widget-container\">\n\t\t\t\t\t<h2 class=\"elementor-heading-title elementor-size-default\">Alima<\/h2>\t\t\t\t<\/div>\n\t\t\t\t<\/div>\n\t\t\t\t<div class=\"elementor-element elementor-element-2b72bef elementor-widget elementor-widget-text-editor\" data-id=\"2b72bef\" data-element_type=\"widget\" data-e-type=\"widget\" data-widget_type=\"text-editor.default\">\n\t\t\t\t<div class=\"elementor-widget-container\">\n\t\t\t\t\t\t\t\t\t<p>Anl\u00e4sslich einer Internationalen Tagung in Krems haben wir im Oktober 2013 das St\u00fcck &#8222;Alima&#8220; geschaffen.\u00a0<\/p><p>\u00a0<\/p><p>Alima ist die Geschichte einer jungen Frau, die ihre ganz pers\u00f6nlichen Gr\u00fcnde hat, ihr Land zu verlassen und woanders Fu\u00df zu fassen,\u00a0<span style=\"font-size: 14px;\">sich in ihrer Sehnsucht, Angst und Entt\u00e4uschung \u201everrennt\u201c und droht \u00fcberrollt zu werden.<\/span><\/p><p>\u00a0<\/p><p>Teile und Erlebnisse von Alima stecken in vielen Mitgliedern der Gruppe, wenngleich Auseinandersetzungen mit Krisen und die Gr\u00fcnde<\/p><p>Heimat zu verlassen oder verlassen zu m\u00fcssen unterschiedlich und vielschichtig sind und anders als Alimas Gr\u00fcnde.<\/p><p>Die MigrantInnentheatergruppe die Fremden hat im Laufe ihres 21-j\u00e4hrigen Bestehens zahlreiche St\u00fccke zum Thema Heimat- und Heimatlosigkeit,<\/p><p>Grenzg\u00e4nge, kulturelle Vielfalt, Spurensuche und Kritik an gesellschaftlichen Systemen auf die B\u00fchne gebracht, oft mit (bitterem) Humor, \u00dcberzeichnung und Verzerrung.<\/p><p>69 Personen aus 37 L\u00e4ndern haben bisher bei der Gruppe mitgewirkt.<\/p><p>Mit der Entwicklung des St\u00fcckes &#8222;Alima&#8220; ist die Gruppe wieder an ihre Wurzeln zur\u00fcckgekehrt: ein Bildertheater zum Thema Liebe, Heimat und Suche.<\/p>\t\t\t\t\t\t\t\t<\/div>\n\t\t\t\t<\/div>\n\t\t\t\t\t<\/div>\n\t\t<\/div>\n\t\t\t\t<div class=\"elementor-column elementor-col-50 elementor-inner-column elementor-element elementor-element-4c41d51\" data-id=\"4c41d51\" data-element_type=\"column\" data-e-type=\"column\">\n\t\t\t<div class=\"elementor-widget-wrap elementor-element-populated\">\n\t\t\t\t\t\t<div class=\"elementor-element elementor-element-4ac88a7 elementor-widget elementor-widget-image\" data-id=\"4ac88a7\" data-element_type=\"widget\" data-e-type=\"widget\" data-widget_type=\"image.default\">\n\t\t\t\t<div class=\"elementor-widget-container\">\n\t\t\t\t\t\t\t\t\t\t\t\t\t\t\t<img fetchpriority=\"high\" decoding=\"async\" width=\"949\" height=\"1024\" src=\"https:\/\/www.diefremden.at\/wordpress\/wp-content\/uploads\/2020\/01\/Welt-der-Frauen2014-949x1024.jpg\" class=\"attachment-large size-large wp-image-1519\" alt=\"\" srcset=\"https:\/\/www.diefremden.at\/wordpress\/wp-content\/uploads\/2020\/01\/Welt-der-Frauen2014-949x1024.jpg 949w, https:\/\/www.diefremden.at\/wordpress\/wp-content\/uploads\/2020\/01\/Welt-der-Frauen2014-278x300.jpg 278w, https:\/\/www.diefremden.at\/wordpress\/wp-content\/uploads\/2020\/01\/Welt-der-Frauen2014-768x828.jpg 768w, https:\/\/www.diefremden.at\/wordpress\/wp-content\/uploads\/2020\/01\/Welt-der-Frauen2014-1424x1536.jpg 1424w, https:\/\/www.diefremden.at\/wordpress\/wp-content\/uploads\/2020\/01\/Welt-der-Frauen2014-1899x2048.jpg 1899w, https:\/\/www.diefremden.at\/wordpress\/wp-content\/uploads\/2020\/01\/Welt-der-Frauen2014.jpg 2000w\" sizes=\"(max-width: 949px) 100vw, 949px\" \/>\t\t\t\t\t\t\t\t\t\t\t\t\t\t\t<\/div>\n\t\t\t\t<\/div>\n\t\t\t\t<div class=\"elementor-element elementor-element-73b9b69 elementor-widget elementor-widget-text-editor\" data-id=\"73b9b69\" data-element_type=\"widget\" data-e-type=\"widget\" data-widget_type=\"text-editor.default\">\n\t\t\t\t<div class=\"elementor-widget-container\">\n\t\t\t\t\t\t\t\t\t<p>Die Premiere fand am 24. Oktober 2013 in der R\u00f6merhalle in Mautern im Rahmen des Kongresses &#8222;High Risk&#8220; statt.<\/p><p>Weitere Auff\u00fchrungen:<br \/>10. Dezember 2013, 20:00 Uhr,\u00a0OFF-theater, Kirchengasse 41, 1070 Wien<\/p><p>10. M\u00e4rz 2014, 19 Uhr, freier Eintritt\u00a0Kolpinghaus Wien 09, Liechtensteinstra\u00dfe 100, 1090 Wien,\u00a0Welt der Frauen &#8211; Fest (Internationaler Frauentag)<\/p>\t\t\t\t\t\t\t\t<\/div>\n\t\t\t\t<\/div>\n\t\t\t\t\t<\/div>\n\t\t<\/div>\n\t\t\t\t\t<\/div>\n\t\t<\/section>\n\t\t\t\t<div class=\"elementor-element elementor-element-a8da6f8 elementor-arrows-position-inside elementor-pagination-position-outside elementor-widget elementor-widget-image-carousel\" data-id=\"a8da6f8\" data-element_type=\"widget\" data-e-type=\"widget\" data-settings=\"{&quot;slides_to_show&quot;:&quot;1&quot;,&quot;navigation&quot;:&quot;both&quot;,&quot;autoplay&quot;:&quot;yes&quot;,&quot;pause_on_hover&quot;:&quot;yes&quot;,&quot;pause_on_interaction&quot;:&quot;yes&quot;,&quot;autoplay_speed&quot;:5000,&quot;infinite&quot;:&quot;yes&quot;,&quot;effect&quot;:&quot;slide&quot;,&quot;speed&quot;:500}\" data-widget_type=\"image-carousel.default\">\n\t\t\t\t<div class=\"elementor-widget-container\">\n\t\t\t\t\t\t\t<div class=\"elementor-image-carousel-wrapper swiper\" role=\"region\" aria-roledescription=\"carousel\" aria-label=\"Bild Karussell\" dir=\"ltr\">\n\t\t\t<div class=\"elementor-image-carousel swiper-wrapper\" aria-live=\"off\">\n\t\t\t\t\t\t\t\t<div class=\"swiper-slide\" role=\"group\" aria-roledescription=\"slide\" aria-label=\"1 von 5\"><figure class=\"swiper-slide-inner\"><img decoding=\"async\" class=\"swiper-slide-image\" src=\"https:\/\/www.diefremden.at\/wordpress\/wp-content\/uploads\/2020\/01\/W2_108.jpg\" alt=\"Originalbild unter: http:\/\/digitale.fotograf.de\/photo\/52927341-1854-46ce-bc95-75eb0a22f4f6\" \/><\/figure><\/div><div class=\"swiper-slide\" role=\"group\" aria-roledescription=\"slide\" aria-label=\"2 von 5\"><figure class=\"swiper-slide-inner\"><img decoding=\"async\" class=\"swiper-slide-image\" src=\"https:\/\/www.diefremden.at\/wordpress\/wp-content\/uploads\/2020\/01\/W2_113.jpg\" alt=\"Originalbild unter: http:\/\/digitale.fotograf.de\/photo\/52927399-5d0c-4fdd-956e-1c4a0a22908e\" \/><\/figure><\/div><div class=\"swiper-slide\" role=\"group\" aria-roledescription=\"slide\" aria-label=\"3 von 5\"><figure class=\"swiper-slide-inner\"><img decoding=\"async\" class=\"swiper-slide-image\" src=\"https:\/\/www.diefremden.at\/wordpress\/wp-content\/uploads\/2020\/01\/W2_114.jpg\" alt=\"Originalbild unter: http:\/\/digitale.fotograf.de\/photo\/529273ad-f960-47a7-871c-782c0a22f4f6\" \/><\/figure><\/div><div class=\"swiper-slide\" role=\"group\" aria-roledescription=\"slide\" aria-label=\"4 von 5\"><figure class=\"swiper-slide-inner\"><img decoding=\"async\" class=\"swiper-slide-image\" src=\"https:\/\/www.diefremden.at\/wordpress\/wp-content\/uploads\/2020\/01\/W2_115.jpg\" alt=\"Originalbild unter: http:\/\/digitale.fotograf.de\/photo\/529273bd-b02c-43b0-8464-782c0a22f4f6\" \/><\/figure><\/div><div class=\"swiper-slide\" role=\"group\" aria-roledescription=\"slide\" aria-label=\"5 von 5\"><figure class=\"swiper-slide-inner\"><img decoding=\"async\" class=\"swiper-slide-image\" src=\"https:\/\/www.diefremden.at\/wordpress\/wp-content\/uploads\/2020\/01\/W2_110.jpg\" alt=\"Originalbild unter: http:\/\/digitale.fotograf.de\/photo\/52927367-b484-4a34-ac56-1c6f0a22908e\" \/><\/figure><\/div>\t\t\t<\/div>\n\t\t\t\t\t\t\t\t\t\t\t\t<div class=\"elementor-swiper-button elementor-swiper-button-prev\" role=\"button\" tabindex=\"0\">\n\t\t\t\t\t\t<i aria-hidden=\"true\" class=\"eicon-chevron-left\"><\/i>\t\t\t\t\t<\/div>\n\t\t\t\t\t<div class=\"elementor-swiper-button elementor-swiper-button-next\" role=\"button\" tabindex=\"0\">\n\t\t\t\t\t\t<i aria-hidden=\"true\" class=\"eicon-chevron-right\"><\/i>\t\t\t\t\t<\/div>\n\t\t\t\t\n\t\t\t\t\t\t\t\t\t<div class=\"swiper-pagination\"><\/div>\n\t\t\t\t\t\t\t\t\t<\/div>\n\t\t\t\t\t\t<\/div>\n\t\t\t\t<\/div>\n\t\t\t\t\t<\/div>\n\t\t<\/div>\n\t\t\t\t\t<\/div>\n\t\t<\/section>\n\t\t\t\t<\/div>\n\t\t","protected":false},"excerpt":{"rendered":"<p>Alima Anl\u00e4sslich einer Internationalen Tagung in Krems haben wir im Oktober 2013 das St\u00fcck &#8222;Alima&#8220; geschaffen.\u00a0 \u00a0 Alima ist die Geschichte einer jungen Frau, die ihre ganz pers\u00f6nlichen Gr\u00fcnde hat, ihr Land zu verlassen und woanders Fu\u00df zu fassen,\u00a0sich in ihrer Sehnsucht, Angst und Entt\u00e4uschung \u201everrennt\u201c und droht \u00fcberrollt zu werden. \u00a0 Teile und Erlebnisse [&hellip;]<\/p>\n","protected":false},"author":1,"featured_media":0,"parent":561,"menu_order":0,"comment_status":"closed","ping_status":"closed","template":"","meta":{"ocean_post_layout":"","ocean_both_sidebars_style":"","ocean_both_sidebars_content_width":0,"ocean_both_sidebars_sidebars_width":0,"ocean_sidebar":"0","ocean_second_sidebar":"0","ocean_disable_margins":"enable","ocean_add_body_class":"","ocean_shortcode_before_top_bar":"","ocean_shortcode_after_top_bar":"","ocean_shortcode_before_header":"","ocean_shortcode_after_header":"","ocean_has_shortcode":"","ocean_shortcode_after_title":"","ocean_shortcode_before_footer_widgets":"","ocean_shortcode_after_footer_widgets":"","ocean_shortcode_before_footer_bottom":"","ocean_shortcode_after_footer_bottom":"","ocean_display_top_bar":"default","ocean_display_header":"default","ocean_header_style":"","ocean_center_header_left_menu":"0","ocean_custom_header_template":"0","ocean_custom_logo":0,"ocean_custom_retina_logo":0,"ocean_custom_logo_max_width":0,"ocean_custom_logo_tablet_max_width":0,"ocean_custom_logo_mobile_max_width":0,"ocean_custom_logo_max_height":0,"ocean_custom_logo_tablet_max_height":0,"ocean_custom_logo_mobile_max_height":0,"ocean_header_custom_menu":"0","ocean_menu_typo_font_family":"0","ocean_menu_typo_font_subset":"","ocean_menu_typo_font_size":0,"ocean_menu_typo_font_size_tablet":0,"ocean_menu_typo_font_size_mobile":0,"ocean_menu_typo_font_size_unit":"px","ocean_menu_typo_font_weight":"","ocean_menu_typo_font_weight_tablet":"","ocean_menu_typo_font_weight_mobile":"","ocean_menu_typo_transform":"","ocean_menu_typo_transform_tablet":"","ocean_menu_typo_transform_mobile":"","ocean_menu_typo_line_height":0,"ocean_menu_typo_line_height_tablet":0,"ocean_menu_typo_line_height_mobile":0,"ocean_menu_typo_line_height_unit":"","ocean_menu_typo_spacing":0,"ocean_menu_typo_spacing_tablet":0,"ocean_menu_typo_spacing_mobile":0,"ocean_menu_typo_spacing_unit":"","ocean_menu_link_color":"","ocean_menu_link_color_hover":"","ocean_menu_link_color_active":"","ocean_menu_link_background":"","ocean_menu_link_hover_background":"","ocean_menu_link_active_background":"","ocean_menu_social_links_bg":"","ocean_menu_social_hover_links_bg":"","ocean_menu_social_links_color":"","ocean_menu_social_hover_links_color":"","ocean_disable_title":"default","ocean_disable_heading":"default","ocean_post_title":"","ocean_post_subheading":"","ocean_post_title_style":"","ocean_post_title_background_color":"","ocean_post_title_background":0,"ocean_post_title_bg_image_position":"","ocean_post_title_bg_image_attachment":"","ocean_post_title_bg_image_repeat":"","ocean_post_title_bg_image_size":"","ocean_post_title_height":0,"ocean_post_title_bg_overlay":0.5,"ocean_post_title_bg_overlay_color":"","ocean_disable_breadcrumbs":"default","ocean_breadcrumbs_color":"","ocean_breadcrumbs_separator_color":"","ocean_breadcrumbs_links_color":"","ocean_breadcrumbs_links_hover_color":"","ocean_display_footer_widgets":"default","ocean_display_footer_bottom":"default","ocean_custom_footer_template":"0","footnotes":""},"class_list":["post-731","page","type-page","status-publish","hentry","entry"],"_links":{"self":[{"href":"https:\/\/www.diefremden.at\/wordpress\/index.php?rest_route=\/wp\/v2\/pages\/731","targetHints":{"allow":["GET"]}}],"collection":[{"href":"https:\/\/www.diefremden.at\/wordpress\/index.php?rest_route=\/wp\/v2\/pages"}],"about":[{"href":"https:\/\/www.diefremden.at\/wordpress\/index.php?rest_route=\/wp\/v2\/types\/page"}],"author":[{"embeddable":true,"href":"https:\/\/www.diefremden.at\/wordpress\/index.php?rest_route=\/wp\/v2\/users\/1"}],"replies":[{"embeddable":true,"href":"https:\/\/www.diefremden.at\/wordpress\/index.php?rest_route=%2Fwp%2Fv2%2Fcomments&post=731"}],"version-history":[{"count":5,"href":"https:\/\/www.diefremden.at\/wordpress\/index.php?rest_route=\/wp\/v2\/pages\/731\/revisions"}],"predecessor-version":[{"id":1521,"href":"https:\/\/www.diefremden.at\/wordpress\/index.php?rest_route=\/wp\/v2\/pages\/731\/revisions\/1521"}],"up":[{"embeddable":true,"href":"https:\/\/www.diefremden.at\/wordpress\/index.php?rest_route=\/wp\/v2\/pages\/561"}],"wp:attachment":[{"href":"https:\/\/www.diefremden.at\/wordpress\/index.php?rest_route=%2Fwp%2Fv2%2Fmedia&parent=731"}],"curies":[{"name":"wp","href":"https:\/\/api.w.org\/{rel}","templated":true}]}}